{"id":5186,"date":"2021-01-21T20:23:12","date_gmt":"2021-01-21T19:23:12","guid":{"rendered":"https:\/\/gth.ch\/covid-depression\/"},"modified":"2024-04-10T14:14:12","modified_gmt":"2024-04-10T12:14:12","slug":"covid-depression","status":"publish","type":"page","link":"https:\/\/gth.ch\/fr\/covid-depression\/","title":{"rendered":"Covid-D\u00e9pression"},"content":{"rendered":"\t\t<div data-elementor-type=\"wp-page\" data-elementor-id=\"5186\" class=\"elementor elementor-5186 elementor-1423\" data-elementor-post-type=\"page\">\n\t\t\t\t\t\t<section class=\"elementor-section elementor-top-section elementor-element elementor-element-dd3ff74 elementor-section-stretched elementor-section-full_width elementor-section-height-min-height elementor-section-height-default elementor-section-items-middle\" data-id=\"dd3ff74\" data-element_type=\"section\" data-settings=\"{&quot;stretch_section&quot;:&quot;section-stretched&quot;,&quot;background_background&quot;:&quot;classic&quot;}\">\n\t\t\t\t\t\t<div class=\"elementor-container elementor-column-gap-no\">\n\t\t\t\t\t<div class=\"elementor-column elementor-col-100 elementor-top-column elementor-element elementor-element-334ed34\" data-id=\"334ed34\" data-element_type=\"column\">\n\t\t\t<div class=\"elementor-widget-wrap elementor-element-populated\">\n\t\t\t\t\t\t<div class=\"elementor-element elementor-element-5da83d6 elementor-widget elementor-widget-heading\" data-id=\"5da83d6\" data-element_type=\"widget\" data-widget_type=\"heading.default\">\n\t\t\t\t<div class=\"elementor-widget-container\">\n\t\t\t<h2 class=\"elementor-heading-title elementor-size-default\">Comment nous aider dans la d\u00e9pression globale de Covid <\/h2>\t\t<\/div>\n\t\t\t\t<\/div>\n\t\t\t\t<div class=\"elementor-element elementor-element-911bc36 elementor-widget elementor-widget-text-editor\" data-id=\"911bc36\" data-element_type=\"widget\" data-widget_type=\"text-editor.default\">\n\t\t\t\t<div class=\"elementor-widget-container\">\n\t\t\t\t\t\t\t<p style=\"padding-top:15px;\"><strong>Conf\u00e9rence en ligne sur Zoom<br \/>24 f\u00e9vrier 2021, de 19 \u00e0 20.30h<\/strong><\/p>\n\t\t\t\t\t\t<\/div>\n\t\t\t\t<\/div>\n\t\t\t\t\t<\/div>\n\t\t<\/div>\n\t\t\t\t\t<\/div>\n\t\t<\/section>\n\t\t\t\t<section class=\"elementor-section elementor-top-section elementor-element elementor-element-5fd3c93 elementor-section-boxed elementor-section-height-default elementor-section-height-default\" data-id=\"5fd3c93\" data-element_type=\"section\">\n\t\t\t\t\t\t<div class=\"elementor-container elementor-column-gap-extended\">\n\t\t\t\t\t<div class=\"elementor-column elementor-col-50 elementor-top-column elementor-element elementor-element-7690352\" data-id=\"7690352\" data-element_type=\"column\">\n\t\t\t<div class=\"elementor-widget-wrap elementor-element-populated\">\n\t\t\t\t\t\t<div class=\"elementor-element elementor-element-c22827b elementor-widget elementor-widget-text-editor\" data-id=\"c22827b\" data-element_type=\"widget\" data-widget_type=\"text-editor.default\">\n\t\t\t\t<div class=\"elementor-widget-container\">\n\t\t\t\t\t\t\t<p>Outre le virus Covid, la \u00ab\u00a0d\u00e9pression Covid\u00a0\u00bb se propage de plus en plus. Claudia Manzini-Egger de la GTH Suisse, Soci\u00e9t\u00e9 pour l&rsquo;hypnose psychologique profonde et la recherche en hypnose, se penche dans son expos\u00e9 en ligne sur les cons\u00e9quences psychiques de l&rsquo;\u00e9pid\u00e9mie de Covid et montre comment nous pouvons rester en bonne sant\u00e9 int\u00e9rieure m\u00eame en mode lock-down.<\/p>\n<\/p>\n<p>\u00ab\u00a0Corona Virus\u00a0\u00bb, \u00ab\u00a0Covid 2\u00a0\u00bb, \u00ab\u00a0SRAS\u00a0\u00bb (Syndrome Respiratoire Aigu S\u00e9v\u00e8re) &#8211; trois termes qui sont sur toutes les l\u00e8vres &#8211; chacun et chacune est concern\u00e9 d&rsquo;une mani\u00e8re ou d&rsquo;une autre. Ce qui est incroyable, c&rsquo;est que nous ne pouvons pas \u00ab\u00a0le\u00a0\u00bb voir. Et pourtant, elle nous \u00e9meut de plus en plus. Les gens commencent \u00e0 s&rsquo;attaquer les uns les autres, \u00e0 prendre parti pour l&rsquo;un ou pour l&rsquo;autre, contre l&rsquo;un ou contre l&rsquo;autre.<\/p>\n<\/p>\n<p>Un malaise croissant s&rsquo;installe non seulement chez l&rsquo;individu, mais aussi dans l&rsquo;ensemble de la soci\u00e9t\u00e9. On peut dire qu&rsquo;il s&rsquo;agit d&rsquo;une d\u00e9pression globale : Le mot d\u00e9pression vient du latin \u00ab\u00a0deprimere\u00a0\u00bb et signifie \u00ab\u00a0\u00eatre d\u00e9prim\u00e9\u00a0\u00bb. Les journaux parlent principalement des d\u00e9c\u00e8s caus\u00e9s par le virus, du nombre de tests effectu\u00e9s et de la valeur R. Les m\u00e9dias ne parlent pas de l&rsquo;\u00e9pid\u00e9mie de grippe aviaire. Jusqu&rsquo;\u00e0 pr\u00e9sent, nous manquons de chiffres sur l&rsquo;effet collat\u00e9ral au niveau psychique. N\u00e9anmoins, il est possible de voir, \u00e0 partir des connaissances issues de la th\u00e9orie du d\u00e9veloppement humain, ce que cette situation peut provoquer dans les diff\u00e9rents segments d&rsquo;\u00e2ge.<\/p>\n<\/p>\n<p>Claudia Manzini-Egger, membre fondatrice du GTH Suisse et pr\u00e9sidente du GTH International, abordera dans sa conf\u00e9rence aussi bien les aspects symboliques du virus que les diff\u00e9rents stades de d\u00e9veloppement de l&rsquo;\u00eatre humain et montrera quelles pourraient \u00eatre les cons\u00e9quences psychiques de l&rsquo;\u00e9pid\u00e9mie de Covid. Elle donnera \u00e9galement des recommandations sur la mani\u00e8re d&rsquo;aborder la situation diff\u00e9remment en adoptant une attitude plus consciente &#8211; comment rester en bonne sant\u00e9 int\u00e9rieure m\u00eame en cette p\u00e9riode de d\u00e9fis.<\/p>\n<\/p>\n<p>Apr\u00e8s la conf\u00e9rence en ligne, les m\u00e9ditations audio de la GTH, sp\u00e9cialement produites pour cette p\u00e9riode de Covid, seront partag\u00e9es sur le site web de la GTH et sur Facebook, afin de soutenir tous ceux qui ne vont pas bien psychologiquement.<\/p>\n\t\t\t\t\t\t<\/div>\n\t\t\t\t<\/div>\n\t\t\t\t\t<\/div>\n\t\t<\/div>\n\t\t\t\t<div class=\"elementor-column elementor-col-50 elementor-top-column elementor-element elementor-element-eb76531\" data-id=\"eb76531\" data-element_type=\"column\" data-settings=\"{&quot;background_background&quot;:&quot;classic&quot;}\">\n\t\t\t<div class=\"elementor-widget-wrap elementor-element-populated\">\n\t\t\t\t\t\t<div class=\"elementor-element elementor-element-7b0a344 elementor-widget elementor-widget-heading\" data-id=\"7b0a344\" data-element_type=\"widget\" data-widget_type=\"heading.default\">\n\t\t\t\t<div class=\"elementor-widget-container\">\n\t\t\t<h2 class=\"elementor-heading-title elementor-size-default\">S'enregistrer \u00e0 la conf\u00e9rence<\/h2>\t\t<\/div>\n\t\t\t\t<\/div>\n\t\t\t\t<div class=\"elementor-element elementor-element-c7b3571 elementor-widget elementor-widget-text-editor\" data-id=\"c7b3571\" data-element_type=\"widget\" data-widget_type=\"text-editor.default\">\n\t\t\t\t<div class=\"elementor-widget-container\">\n\t\t\t\t\t\t\t<p style=\"color: #ffffff;\">Verser 30 CHF sur le compte suivant et remplir le formulaire ci-dessous :<\/p>\n\n<p style=\"color: #ffffff; font-size:1rem; border:1px #ffffff solid; margin-top:10px; margin-right:20px; padding-left:5px;\">GTH, Gesellschaft f\u00fcr therapeutische Hypnose und Hypnoseforschung<br>\nIBAN CH74 0023 0230 3841 7140 M, <br>\nBIC UBSWCHZH80A<\/p>\n\t\t\t\t\t\t<\/div>\n\t\t\t\t<\/div>\n\t\t\t\t<div class=\"elementor-element elementor-element-96d9c3f elementor-widget elementor-widget-html\" data-id=\"96d9c3f\" data-element_type=\"widget\" data-widget_type=\"html.default\">\n\t\t\t\t<div class=\"elementor-widget-container\">\n\t\t\t\n<div class=\"wpcf7 no-js\" id=\"wpcf7-f1428-o1\" lang=\"de-DE\" dir=\"ltr\" data-wpcf7-id=\"1428\">\n<div class=\"screen-reader-response\"><p role=\"status\" aria-live=\"polite\" aria-atomic=\"true\"><\/p> <ul><\/ul><\/div>\n<form action=\"\/fr\/wp-json\/wp\/v2\/pages\/5186#wpcf7-f1428-o1\" method=\"post\" class=\"wpcf7-form init\" aria-label=\"Kontaktformular\" novalidate=\"novalidate\" data-status=\"init\">\n<fieldset class=\"hidden-fields-container\"><input type=\"hidden\" name=\"_wpcf7\" value=\"1428\" \/><input type=\"hidden\" name=\"_wpcf7_version\" value=\"6.1.5\" \/><input type=\"hidden\" name=\"_wpcf7_locale\" value=\"de_DE\" \/><input type=\"hidden\" name=\"_wpcf7_unit_tag\" value=\"wpcf7-f1428-o1\" \/><input type=\"hidden\" name=\"_wpcf7_container_post\" value=\"0\" \/><input type=\"hidden\" name=\"_wpcf7_posted_data_hash\" value=\"\" \/><input type=\"hidden\" name=\"_wpcf7dtx_version\" value=\"5.0.5\" \/>\n<\/fieldset>\n<div class=\"reg-fields\">\n<span class=\"wpcf7-form-control-wrap page-title\" data-name=\"page-title\"><input type=\"hidden\" name=\"page-title\" class=\"wpcf7-form-control wpcf7-hidden wpcf7dtx wpcf7dtx-hidden\" aria-invalid=\"false\" value=\"Covid-D\u00e9pression\"><\/span>\n\t<p><span class=\"wpcf7-form-control-wrap\" data-name=\"radio-110\"><span class=\"wpcf7-form-control wpcf7-radio\"><span class=\"wpcf7-list-item first\"><label><input type=\"radio\" name=\"radio-110\" value=\"Frau\" checked=\"checked\" \/><span class=\"wpcf7-list-item-label\">Frau<\/span><\/label><\/span><span class=\"wpcf7-list-item last\"><label><input type=\"radio\" name=\"radio-110\" value=\"Herr\" \/><span class=\"wpcf7-list-item-label\">Herr<\/span><\/label><\/span><\/span><\/span>\n\t<\/p>\n\t<p><span class=\"wpcf7-form-control-wrap\" data-name=\"vorname\"><input size=\"40\" maxlength=\"400\" class=\"wpcf7-form-control wpcf7-text wpcf7-validates-as-required\" aria-required=\"true\" aria-invalid=\"false\" value=\"Vorname\" type=\"text\" name=\"vorname\" \/><\/span>\n\t<\/p>\n\t<p><span class=\"wpcf7-form-control-wrap\" data-name=\"nachname\"><input size=\"40\" maxlength=\"400\" class=\"wpcf7-form-control wpcf7-text wpcf7-validates-as-required\" aria-required=\"true\" aria-invalid=\"false\" value=\"Nachname\" type=\"text\" name=\"nachname\" \/><\/span>\n\t<\/p>\n\t<p><span class=\"wpcf7-form-control-wrap\" data-name=\"geburtsdatum\"><input size=\"40\" maxlength=\"400\" class=\"wpcf7-form-control wpcf7-text wpcf7-validates-as-required\" aria-required=\"true\" aria-invalid=\"false\" value=\"Geburtsdatum\" type=\"text\" name=\"geburtsdatum\" \/><\/span>\n\t<\/p>\n\t<p><span class=\"wpcf7-form-control-wrap\" data-name=\"derzeit\"><textarea cols=\"40\" rows=\"10\" maxlength=\"2000\" class=\"wpcf7-form-control wpcf7-textarea\" aria-invalid=\"false\" placeholder=\"Es hilft uns zu wissen, was Sie derzeit beruflich machen\" name=\"derzeit\"><\/textarea><\/span>\n\t<\/p>\n\t<p><span style=\"color:#ffffff;\">Jetzt brauchen wir noch Ihre Adresse, zum Versand der Rechnung<\/span>\n\t<\/p>\n\t<p><span class=\"wpcf7-form-control-wrap\" data-name=\"StrasseNummer\"><input size=\"40\" maxlength=\"400\" class=\"wpcf7-form-control wpcf7-text wpcf7-validates-as-required\" aria-required=\"true\" aria-invalid=\"false\" value=\"Strasse\/Nummer\" type=\"text\" name=\"StrasseNummer\" \/><\/span>\n\t<\/p>\n\t<p><span class=\"wpcf7-form-control-wrap\" data-name=\"PLZOrt\"><input size=\"40\" maxlength=\"400\" class=\"wpcf7-form-control wpcf7-text wpcf7-validates-as-required\" aria-required=\"true\" aria-invalid=\"false\" value=\"PLZ\/Ort\" type=\"text\" name=\"PLZOrt\" \/><\/span>\n\t<\/p>\n\t<p><span style=\"color:#ffffff;\">\u2026 und Ihre Kontaktdaten, falls es \u00c4nderung geben sollte.<\/span>\n\t<\/p>\n\t<p><span class=\"wpcf7-form-control-wrap\" data-name=\"email-122\"><input size=\"40\" maxlength=\"400\" class=\"wpcf7-form-control wpcf7-email wpcf7-validates-as-required wpcf7-text wpcf7-validates-as-email\" aria-required=\"true\" aria-invalid=\"false\" value=\"Email\" type=\"email\" name=\"email-122\" \/><\/span>\n\t<\/p>\n\t<p><span class=\"wpcf7-form-control-wrap\" data-name=\"tel-224\"><input size=\"40\" maxlength=\"400\" class=\"wpcf7-form-control wpcf7-tel wpcf7-validates-as-required wpcf7-text wpcf7-validates-as-tel\" aria-required=\"true\" aria-invalid=\"false\" value=\"Telefonnummer\" type=\"tel\" name=\"tel-224\" \/><\/span>\n\t<\/p>\n\t<p><span style=\"color:#ffffff;\">M\u00f6chten Sie uns noch etwas mitteilen?<\/span><br \/>\n<span class=\"wpcf7-form-control-wrap\" data-name=\"textarea-357\"><textarea cols=\"40\" rows=\"10\" maxlength=\"2000\" class=\"wpcf7-form-control wpcf7-textarea wpcf7-validates-as-required\" aria-required=\"true\" aria-invalid=\"false\" name=\"textarea-357\">\u2026 Dann haben Sie jetzt die Gelegenheit dazu.<\/textarea><\/span>\n\t<\/p>\n\t<p>[recaptcha]\n\t<\/p>\n\t<p><input class=\"wpcf7-form-control wpcf7-submit has-spinner\" type=\"submit\" value=\"Submit\" \/>\n\t<\/p>\n<\/div><div class=\"wpcf7-response-output\" aria-hidden=\"true\"><\/div>\n<\/form>\n<\/div>\n\t\t<\/div>\n\t\t\t\t<\/div>\n\t\t\t\t\t<\/div>\n\t\t<\/div>\n\t\t\t\t\t<\/div>\n\t\t<\/section>\n\t\t\t\t<\/div>\n\t\t","protected":false},"excerpt":{"rendered":"<p>Comment nous aider dans la d\u00e9pression globale de Covid Conf\u00e9rence en ligne sur Zoom24 f\u00e9vrier 2021, de 19 \u00e0 20.30h Outre le virus Covid, la \u00ab\u00a0d\u00e9pression Covid\u00a0\u00bb se propage de plus en plus. Claudia Manzini-Egger de la GTH Suisse, Soci\u00e9t\u00e9 pour l&rsquo;hypnose psychologique profonde et la recherche en hypnose, se penche dans son expos\u00e9 en [&hellip;]<\/p>\n","protected":false},"author":4,"featured_media":0,"parent":0,"menu_order":0,"comment_status":"closed","ping_status":"closed","template":"","meta":{"footnotes":""},"class_list":["post-5186","page","type-page","status-publish","hentry"],"_links":{"self":[{"href":"https:\/\/gth.ch\/fr\/wp-json\/wp\/v2\/pages\/5186","targetHints":{"allow":["GET"]}}],"collection":[{"href":"https:\/\/gth.ch\/fr\/wp-json\/wp\/v2\/pages"}],"about":[{"href":"https:\/\/gth.ch\/fr\/wp-json\/wp\/v2\/types\/page"}],"author":[{"embeddable":true,"href":"https:\/\/gth.ch\/fr\/wp-json\/wp\/v2\/users\/4"}],"replies":[{"embeddable":true,"href":"https:\/\/gth.ch\/fr\/wp-json\/wp\/v2\/comments?post=5186"}],"version-history":[{"count":5,"href":"https:\/\/gth.ch\/fr\/wp-json\/wp\/v2\/pages\/5186\/revisions"}],"predecessor-version":[{"id":5199,"href":"https:\/\/gth.ch\/fr\/wp-json\/wp\/v2\/pages\/5186\/revisions\/5199"}],"wp:attachment":[{"href":"https:\/\/gth.ch\/fr\/wp-json\/wp\/v2\/media?parent=5186"}],"curies":[{"name":"wp","href":"https:\/\/api.w.org\/{rel}","templated":true}]}}